{"id":6299,"date":"2024-08-08T10:49:16","date_gmt":"2024-08-08T10:49:16","guid":{"rendered":"https:\/\/npmin.org\/?post_type=resources&#038;p=6299"},"modified":"2024-08-08T11:26:22","modified_gmt":"2024-08-08T11:26:22","slug":"session-2","status":"publish","type":"resources","link":"https:\/\/npmin.org\/tr\/resources\/session-2\/","title":{"rendered":"2. Oturum"},"content":{"rendered":"<h5 class=\"wp-block-heading\">Mezmur 90:2<\/h5>\n\n\n\n<p>Da\u011flar ortaya \u00e7\u0131kmadan \u00f6nce, Sen yery\u00fcz\u00fcn\u00fc ve d\u00fcnyay\u0131 yaratm\u0131\u015ft\u0131n. Ezelden ebede kadar Sen Tanr\u0131's\u0131n.<\/p>\n\n\n\n<p><em>Tanr\u0131 ezelden ebede kadard\u0131r. Bu, O'nun ebedi oldu\u011fu anlam\u0131na gelir; O her zaman var olmu\u015ftur ve her zaman var olacakt\u0131r<\/em>.<\/p>\n\n\n\n<hr class=\"wp-block-separator has-alpha-channel-opacity\"\/>\n\n\n\n<h5 class=\"wp-block-heading\">Daniel 2:20<\/h5>\n\n\n\n<p>Tanr\u0131'n\u0131n ad\u0131 sonsuza dek kutlu olsun, \u00e7\u00fcnk\u00fc bilgelik ve kudret O'nundur.<\/p>\n\n\n\n<p><em>Tanr\u0131 her \u015feye kadir ve her \u015feyi bilendir.<\/em><\/p>\n\n\n\n<hr class=\"wp-block-separator has-alpha-channel-opacity\"\/>\n\n\n\n<h5 class=\"wp-block-heading\">Daniel 2:21<\/h5>\n\n\n\n<p>O, zamanlar\u0131 ve mevsimleri de\u011fi\u015ftirir; krallar\u0131 ortadan kald\u0131r\u0131r ve krallar\u0131 diriltir; bilge olanlara bilgelik ve anlay\u0131\u015fl\u0131 olanlara bilgi verir.<\/p>\n\n\n\n<p><em>Tanr\u0131 krallar\u0131 (ya da ba\u015fkanlar\u0131) kurar ve ala\u015fa\u011f\u0131 eder.<\/em><\/p>\n\n\n\n<hr class=\"wp-block-separator has-alpha-channel-opacity\"\/>\n\n\n\n<h5 class=\"wp-block-heading\">Ye\u015faya 46:9,10<\/h5>\n\n\n\n<p>Ben Tanr\u0131y\u0131m, ba\u015fkas\u0131 yoktur; Ben Tanr\u0131y\u0131m, Benim benzerim yoktur. Sonu ba\u015flang\u0131\u00e7tan ve hen\u00fcz yap\u0131lmam\u0131\u015f \u015feyleri eski zamanlardan beri bildirerek, \u201c\u00d6\u011f\u00fcd\u00fcm duracak ve b\u00fct\u00fcn iste\u011fimi yapaca\u011f\u0131m\u201d derim.\u201d<\/p>\n\n\n\n<p><em>Sonu daha ba\u015ftan bildirir (ya da bilir veya \u00f6ng\u00f6r\u00fcr).<\/em><\/p>\n\n\n\n<hr class=\"wp-block-separator has-alpha-channel-opacity\"\/>\n\n\n\n<h5 class=\"wp-block-heading\">Ye\u015faya 45:21<\/h5>\n\n\n\n<p>Bunu eski zamanlardan beri kim ilan etti? O zamandan beri bunu kim s\u00f6yledi? Ben, Rab de\u011fil miyim? Benden ba\u015fka Tanr\u0131, adil Tanr\u0131 ve Kurtar\u0131c\u0131 yoktur; Benden ba\u015fka Tanr\u0131 yoktur.<\/p>\n\n\n\n<p><em>Yaln\u0131zca Tanr\u0131 gelece\u011fi a\u00e7\u0131klama yetene\u011fine sahiptir, \u00e7\u00fcnk\u00fc yaln\u0131zca Tanr\u0131 gelece\u011fi bilir.<\/em><\/p>\n\n\n\n<hr class=\"wp-block-separator has-alpha-channel-opacity\"\/>\n\n\n\n<h5 class=\"wp-block-heading\">Mezmur 33:6,9<\/h5>\n\n\n\n<p>Rab'bin s\u00f6z\u00fcyle g\u00f6kler ve O'nun a\u011fz\u0131ndan \u00e7\u0131kan solukla b\u00fct\u00fcn evren yarat\u0131ld\u0131. \u00c7\u00fcnk\u00fc O konu\u015ftu ve oldu; O buyurdu ve yerine geldi.<\/p>\n\n\n\n<p><em>Tanr\u0131 her \u015feye g\u00fcc\u00fc yeten Yarat\u0131c\u0131'd\u0131r.<\/em><\/p>\n\n\n\n<hr class=\"wp-block-separator has-alpha-channel-opacity\"\/>\n\n\n\n<h5 class=\"wp-block-heading\">M\u0131s\u0131r'dan \u00c7\u0131k\u0131\u015f 34:6,7<\/h5>\n\n\n\n<p>Ve Rab onun \u00f6n\u00fcnden ge\u00e7ip \u015f\u00f6yle seslendi: \u201cRab, Rab Tanr\u0131, merhametli ve l\u00fctufk\u00e2r, uzun s\u00fcre ac\u0131 \u00e7eken, iyilik ve do\u011frulukta bol bol bulunan, binlerce ki\u015fiye merhamet eden, haks\u0131zl\u0131\u011f\u0131, su\u00e7u ve g\u00fcnah\u0131 ba\u011f\u0131\u015flayan, hi\u00e7bir \u015fekilde su\u00e7luyu temize \u00e7\u0131karmayan....\u201d<\/p>\n\n\n\n<p><em>Tanr\u0131 sab\u0131rl\u0131d\u0131r (uzun s\u00fcre tahamm\u00fcl eder \/ uzun s\u00fcre ac\u0131 \u00e7eker), l\u00fctufk\u00e2r ve merhametlidir.<\/em><\/p>\n\n\n\n<hr class=\"wp-block-separator has-alpha-channel-opacity\"\/>\n\n\n\n<h5 class=\"wp-block-heading\">Yeremya 31:3<\/h5>\n\n\n\n<p>Rab bana eskiden beri g\u00f6r\u00fcnerek, \u201cEvet, seni sonsuz bir sevgiyle sevdim; bu nedenle seni sevecenlikle \u00e7ektim\u201d dedi.\u201d<\/p>\n\n\n\n<p><em>Tanr\u0131 bizi sevgisiyle kendine \u00e7eker, O'nu izlememiz i\u00e7in bizi zorlamaz ya da mecbur b\u0131rakmaz.<\/em><\/p>\n\n\n\n<hr class=\"wp-block-separator has-alpha-channel-opacity\"\/>\n\n\n\n<h5 class=\"wp-block-heading\">Mezmur 24:1<\/h5>\n\n\n\n<p>Yery\u00fcz\u00fc ve t\u00fcm dolulu\u011fu, d\u00fcnya ve i\u00e7inde ya\u015fayanlar Rab'bindir.<\/p>\n\n\n\n<p><em>T\u00fcm d\u00fcnyan\u0131n ve i\u00e7indeki her \u015feyin sahibidir.<\/em><\/p>\n\n\n\n<hr class=\"wp-block-separator has-alpha-channel-opacity\"\/>\n\n\n\n<h5 class=\"wp-block-heading\">Mezmur 19:1<\/h5>\n\n\n\n<p>G\u00f6kler Tanr\u0131'n\u0131n y\u00fcceli\u011fini bildirir; G\u00f6k kubbe O'nun el i\u015flerini g\u00f6sterir.<\/p>\n\n\n\n<p><em>G\u00f6kler bile bize O'nun y\u00fcceli\u011fini g\u00f6sterir ve bize O'nun hakk\u0131nda \u00f6\u011fretir.<\/em><\/p>\n\n\n\n<hr class=\"wp-block-separator has-alpha-channel-opacity\"\/>\n\n\n\n<h5 class=\"wp-block-heading\">Mezmur 34:1-4<\/h5>\n\n\n\n<p>Rab'bi her zaman kutsayaca\u011f\u0131m; O'nun \u00f6vg\u00fcs\u00fc s\u00fcrekli a\u011fz\u0131mda olacak. Can\u0131m Rab'le \u00f6v\u00fcnecek; Al\u00e7akg\u00f6n\u00fcll\u00fcler bunu duyacak ve sevinecek. Benimle birlikte Rab'bi y\u00fcceltin, O'nun ad\u0131n\u0131 birlikte y\u00fcceltelim. Rab'bi arad\u0131m, O da beni duydu ve b\u00fct\u00fcn korkular\u0131mdan kurtard\u0131.<\/p>\n\n\n\n<p><em>Bizi O'nu \u00f6vmeye davet eder ve bizi korkular\u0131m\u0131zdan kurtaracakt\u0131r.<\/em><\/p>\n\n\n\n<hr class=\"wp-block-separator has-alpha-channel-opacity\"\/>\n\n\n\n<h5 class=\"wp-block-heading\">Ye\u015faya 41:10<\/h5>\n\n\n\n<p>Korkmay\u0131n, \u00e7\u00fcnk\u00fc ben sizinleyim; y\u0131lmay\u0131n, \u00e7\u00fcnk\u00fc ben sizin Tanr\u0131n\u0131z\u0131m. Sizi g\u00fc\u00e7lendirece\u011fim, evet, size yard\u0131m edece\u011fim, sa\u011f elimle sizi destekleyece\u011fim.<\/p>\n\n\n\n<p><em>T\u00fcm zorluklar\u0131m\u0131zda bizi g\u00fc\u00e7lendirece\u011fine s\u00f6z verir. O bizim i\u00e7in oradad\u0131r, bize kar\u015f\u0131 de\u011fil.<\/em><\/p>\n\n\n\n<hr class=\"wp-block-separator has-alpha-channel-opacity\"\/>\n\n\n\n<h5 class=\"wp-block-heading\">Ye\u015faya 43:10-13<\/h5>\n\n\n\n<p>\u201cTan\u0131klar\u0131ms\u0131n\u0131z\u201d diyor Rab, \u201cBeni tan\u0131y\u0131p inanas\u0131n\u0131z ve benim O oldu\u011fumu anlayas\u0131n\u0131z diye se\u00e7ti\u011fim kulum. Benden \u00f6nce hi\u00e7bir tanr\u0131 yarat\u0131lmad\u0131, benden sonra da yarat\u0131lmayacak. Ben, ben Rab'bim ve benden ba\u015fka kurtar\u0131c\u0131 yoktur. Aran\u0131zda yabanc\u0131 bir tanr\u0131 yokken ben bildirdim ve kurtard\u0131m ve ilan ettim; ve sizler benim tan\u0131klar\u0131ms\u0131n\u0131z,\u201d diyor Rab, \u201cve ben Tanr\u0131y\u0131m. Bundan b\u00f6yle de O benim; elimden kurtaracak kimse yok; ben \u00e7al\u0131\u015f\u0131r\u0131m, kim geri \u00e7evirebilir?\u201d<\/p>\n\n\n\n<p><em>En b\u00fcy\u00fck s\u0131navlar\u0131m\u0131zda bile bizimle birlikte olaca\u011f\u0131na s\u00f6z verir.<\/em><\/p>\n\n\n\n<hr class=\"wp-block-separator has-alpha-channel-opacity\"\/>\n\n\n\n<h5 class=\"wp-block-heading\">\u0130braniler 13:5<\/h5>\n\n\n\n<p>Kendisi \u015f\u00f6yle demi\u015ftir: \u201cSeni asla terk etmeyece\u011fim ve seni asla y\u00fcz\u00fcst\u00fc b\u0131rakmayaca\u011f\u0131m.\u201d<\/p>\n\n\n\n<p><em>Bizi asla terk etmeyece\u011fine ve y\u00fcz\u00fcst\u00fc b\u0131rakmayaca\u011f\u0131na s\u00f6z veriyor. O bizi bu kadar \u00f6nemsiyor!<\/em><\/p>\n\n\n\n<hr class=\"wp-block-separator has-alpha-channel-opacity\"\/>","protected":false},"featured_media":6275,"template":"","meta":{"_acf_changed":false},"class_list":["post-6299","resources","type-resources","status-publish","has-post-thumbnail","hentry"],"acf":[],"_links":{"self":[{"href":"https:\/\/npmin.org\/tr\/wp-json\/wp\/v2\/resources\/6299","targetHints":{"allow":["GET"]}}],"collection":[{"href":"https:\/\/npmin.org\/tr\/wp-json\/wp\/v2\/resources"}],"about":[{"href":"https:\/\/npmin.org\/tr\/wp-json\/wp\/v2\/types\/resources"}],"wp:featuredmedia":[{"embeddable":true,"href":"https:\/\/npmin.org\/tr\/wp-json\/wp\/v2\/media\/6275"}],"wp:attachment":[{"href":"https:\/\/npmin.org\/tr\/wp-json\/wp\/v2\/media?parent=6299"}],"curies":[{"name":"wp","href":"https:\/\/api.w.org\/{rel}","templated":true}]}}