{"id":6325,"date":"2024-08-08T12:11:34","date_gmt":"2024-08-08T12:11:34","guid":{"rendered":"https:\/\/npmin.org\/?post_type=resources&#038;p=6325"},"modified":"2024-08-08T12:30:46","modified_gmt":"2024-08-08T12:30:46","slug":"session-4","status":"publish","type":"resources","link":"https:\/\/npmin.org\/es\/resources\/session-4\/","title":{"rendered":"Sesi\u00f3n 4"},"content":{"rendered":"<h5 class=\"wp-block-heading\">Miqueas 5:2<\/h5>\n\n\n\n<p>\u201c<q>Pero t\u00fa, Bel\u00e9n Efrata, peque\u00f1a para estar entre las familias de Jud\u00e1, de ti me saldr\u00e1 el que ser\u00e1 Se\u00f1or en Israel; y sus salidas son desde el principio, desde los d\u00edas de la eternidad.<\/q>\u201c<\/p>\n\n\n\n<p><em>El Mes\u00edas nacer\u00eda en Bel\u00e9n (Ver Lucas 2:1-7)<\/em><\/p>\n\n\n\n<hr class=\"wp-block-separator has-alpha-channel-opacity\"\/>\n\n\n\n<h5 class=\"wp-block-heading\">Isa\u00edas 7:14<\/h5>\n\n\n\n<p>\u201c<q>Por tanto, el Se\u00f1or mismo os dar\u00e1 se\u00f1al: He aqu\u00ed que la virgen concebir\u00e1, y dar\u00e1 a luz un hijo, y llamar\u00e1 su nombre Emanuel.<\/q>\u201c<\/p>\n\n\n\n<p><em>El Mes\u00edas nacer\u00eda de una virgen (Ver Mateo 1:23)<\/em><\/p>\n\n\n\n<hr class=\"wp-block-separator has-alpha-channel-opacity\"\/>\n\n\n\n<h5 class=\"wp-block-heading\">G\u00e9nesis 49:8-10<\/h5>\n\n\n\n<p>\u201c<q>Jud\u00e1, t\u00fa eres a quien tus hermanos alabar\u00e1n; tu mano estar\u00e1 sobre la cerviz de tus enemigos; los hijos de tu padre se inclinar\u00e1n ante ti. Jud\u00e1 es un cachorro de le\u00f3n; de la presa, hijo m\u00edo, has ascendido. Se inclina, se recuesta como un le\u00f3n; y como un le\u00f3n, \u00bfqui\u00e9n lo despertar\u00e1? El cetro no se apartar\u00e1 de Jud\u00e1, ni el legislador de entre sus pies, hasta que venga Siloh; y a \u00e9l ser\u00e1 la obediencia del pueblo.<\/q>\u201c<\/p>\n\n\n\n<p><em>El Mes\u00edas tendr\u00eda su linaje a trav\u00e9s de Jud\u00e1 (Ver Lucas 1:30-32)<\/em><\/p>\n\n\n\n<hr class=\"wp-block-separator has-alpha-channel-opacity\"\/>\n\n\n\n<h5 class=\"wp-block-heading\">N\u00fameros 24:17<\/h5>\n\n\n\n<p><q>\u201cLo veo, mas no de cerca; saldr\u00e1 una Estrella de Jacob, y se levantar\u00e1 un Cetro de Israel, que herir\u00e1 la frente de Moab, y destruir\u00e1 a todos los hijos del tumulto.<\/q>\u201c<\/p>\n\n\n\n<p><em>Una estrella de Jud\u00e1 anunciar\u00eda su llegada (ver Mateo 2:1,2)<\/em><\/p>\n\n\n\n<hr class=\"wp-block-separator has-alpha-channel-opacity\"\/>\n\n\n\n<h5 class=\"wp-block-heading\">Isa\u00edas 61:1-3<\/h5>\n\n\n\n<p>\u201c<q>El Esp\u00edritu del Se\u00f1or est\u00e1 sobre m\u00ed, Por cuanto me ungi\u00f3 Jehov\u00e1; Me ha enviado a predicar buenas nuevas a los pobres, A sanar a los quebrantados de coraz\u00f3n, A publicar libertad a los cautivos, Y a los presos apertura de la c\u00e1rcel; A predicar el a\u00f1o de la buena voluntad de Jehov\u00e1, Y el d\u00eda de venganza del Dios nuestro; A consolar a los afligidos de Sion, Para darles gloria en lugar de ceniza, \u00f3leo de gozo en lugar de luto, manto de alegr\u00eda en lugar del esp\u00edritu angustiado; Para que sean llamados \u00e1rboles de justicia, Planes de Jehov\u00e1, Para que \u00e9l sea glorificado.<\/q>\u201c<\/p>\n\n\n\n<p><em>El ministerio del Mes\u00edas fue predicho de antemano (V\u00e9ase Lucas 4:16-21)<\/em><\/p>\n\n\n\n<hr class=\"wp-block-separator has-alpha-channel-opacity\"\/>\n\n\n\n<h5 class=\"wp-block-heading\">Salmo 55:12,13<\/h5>\n\n\n\n<p>\u201c<q>Porque no es un enemigo quien me reprocha; entonces podr\u00eda soportarlo. Ni es alguien que me odia quien se ha exaltado contra m\u00ed; entonces podr\u00eda esconderme de \u00e9l. Pero fuiste t\u00fa, un hombre igual a m\u00ed, mi compa\u00f1ero y mi conocido.<\/q>\u201c<\/p>\n\n\n\n<p><em>El Mes\u00edas ser\u00eda traicionado por un amigo cercano (Ver Mateo 26:47-50)<\/em><\/p>\n\n\n\n<hr class=\"wp-block-separator has-alpha-channel-opacity\"\/>\n\n\n\n<h5 class=\"wp-block-heading\">Zacar\u00edas 11:12,13<\/h5>\n\n\n\n<p>\u201c<q>Entonces les dije: \u00abSi les parece bien, denme mi salario; si no, no lo hagan\u00bb. As\u00ed que pesaron treinta piezas de plata como mi salario. Y el Se\u00f1or me dijo: \u00ab\u00c9chalo al alfarero\u00bb, ese precio principesco que me pusieron. As\u00ed que tom\u00e9 las treinta piezas de plata y las ech\u00e9 en la casa del Se\u00f1or para el alfarero.<\/q>\u201c<\/p>\n\n\n\n<p><em>El Mes\u00edas ser\u00eda traicionado por 30 piezas de plata, y ese dinero ser\u00eda utilizado para comprar el campo del alfarero (Ver Mateo 27:3-9)<\/em><\/p>\n\n\n\n<hr class=\"wp-block-separator has-alpha-channel-opacity\"\/>\n\n\n\n<h5 class=\"wp-block-heading\">Isa\u00edas 53:4-7<\/h5>\n\n\n\n<p>\u201c<q>Ciertamente \u00c9l llev\u00f3 nuestras enfermedades y carg\u00f3 con nuestros dolores; pero nosotros lo consideramos azotado, herido de Dios y abatido. Pero \u00c9l fue herido por nuestras transgresiones, molido por nuestras iniquidades; el castigo de nuestra paz fue sobre \u00c9l, y por su llaga fuimos sanados. Todos nosotros, como ovejas, nos hemos descarriado; cada cual se ha apartado por su camino; y el Se\u00f1or carg\u00f3 en \u00c9l la iniquidad de todos nosotros. Fue oprimido y afligido, pero no abri\u00f3 la boca; fue llevado como cordero al matadero, y como oveja ante sus trasquiladores, en silencio, as\u00ed \u00c9l no abri\u00f3 la boca.<\/q>\u201c<\/p>\n\n\n\n<p><em>El Mes\u00edas ser\u00eda llevado como un cordero (silencioso) al matadero (Ver Juan 1:29, Hechos 8:32-35)<\/em><\/p>\n\n\n\n<hr class=\"wp-block-separator has-alpha-channel-opacity\"\/>\n\n\n\n<h5 class=\"wp-block-heading\">Salmo 22:16<\/h5>\n\n\n\n<p>\u201c<q>Porque perros me han rodeado; me ha cercado cuadrilla de malignos. Horadaron mis pies;<\/q>\u201c<\/p>\n\n\n\n<p><em>El Mes\u00edas ser\u00eda traspasado por nosotros (Ver Lucas 23:33, 24:39)<\/em><\/p>\n\n\n\n<hr class=\"wp-block-separator has-alpha-channel-opacity\"\/>\n\n\n\n<h5 class=\"wp-block-heading\"><em>Salmo 22:1<\/em><\/h5>\n\n\n\n<p>\u201c<q>Dios m\u00edo, Dios m\u00edo, \u00bfpor qu\u00e9 me has abandonado?<\/q>\u201c<\/p>\n\n\n\n<p><em>Las \u00faltimas palabras del Mes\u00edas incluir\u00edan: \u201cDios m\u00edo, Dios m\u00edo, \u00bfpor qu\u00e9 me has abandonado?\u201d (V\u00e9ase Mateo 27:46).<\/em><\/p>\n\n\n\n<hr class=\"wp-block-separator has-alpha-channel-opacity\"\/>\n\n\n\n<h5 class=\"wp-block-heading\">Salmo 34:20<\/h5>\n\n\n\n<p>\u201c<q>\u00c9l guarda todos sus huesos; ni uno de ellos ser\u00e1 quebrado.<\/q>\u201c<\/p>\n\n\n\n<p><em>Los huesos del Mes\u00edas no ser\u00edan quebrados (Ver Juan 19:36)<\/em><\/p>\n\n\n\n<hr class=\"wp-block-separator has-alpha-channel-opacity\"\/>\n\n\n\n<h5 class=\"wp-block-heading\">Isa\u00edas 53:9<\/h5>\n\n\n\n<p>\u201c<q>Y se dispusieron con los malvados su sepultura, pero con los ricos fue su muerte. Porque nunca hizo violencia, ni hubo enga\u00f1o en su boca.<\/q>\u201c<\/p>\n\n\n\n<p><em>El Mes\u00edas ser\u00eda enterrado en la tumba de un hombre rico (Ver Mateo 27:57-60)<\/em><\/p>\n\n\n\n<hr class=\"wp-block-separator has-alpha-channel-opacity\"\/>\n\n\n\n<h5 class=\"wp-block-heading\">Salmo 16:10<\/h5>\n\n\n\n<p>\u201c<q>Porque no dejar\u00e1s mi alma en el Seol, ni permitir\u00e1s que tu Santo vea corrupci\u00f3n.<\/q>\u201c<\/p>\n\n\n\n<p><em>El Mes\u00edas resucitar\u00eda de entre los muertos (Ver Mateo 28:2-7)<\/em><\/p>\n\n\n\n<hr class=\"wp-block-separator has-alpha-channel-opacity\"\/>","protected":false},"featured_media":6277,"template":"","meta":{"_acf_changed":true},"class_list":["post-6325","resources","type-resources","status-publish","has-post-thumbnail","hentry"],"acf":[],"_links":{"self":[{"href":"https:\/\/npmin.org\/es\/wp-json\/wp\/v2\/resources\/6325","targetHints":{"allow":["GET"]}}],"collection":[{"href":"https:\/\/npmin.org\/es\/wp-json\/wp\/v2\/resources"}],"about":[{"href":"https:\/\/npmin.org\/es\/wp-json\/wp\/v2\/types\/resources"}],"wp:featuredmedia":[{"embeddable":true,"href":"https:\/\/npmin.org\/es\/wp-json\/wp\/v2\/media\/6277"}],"wp:attachment":[{"href":"https:\/\/npmin.org\/es\/wp-json\/wp\/v2\/media?parent=6325"}],"curies":[{"name":"gracias","href":"https:\/\/api.w.org\/{rel}","templated":true}]}}